{"id":554,"date":"2024-02-16T23:45:13","date_gmt":"2024-02-16T22:45:13","guid":{"rendered":"http:\/\/vpt-asbl.be\/?page_id=554"},"modified":"2026-01-17T10:43:29","modified_gmt":"2026-01-17T09:43:29","slug":"soirees-caritatives","status":"publish","type":"page","link":"https:\/\/vpt-asbl.be\/index.php\/nous-aider\/soirees-caritatives\/","title":{"rendered":"Soir\u00e9es caritatives"},"content":{"rendered":"\n<p><strong>Grande Soir\u00e9e Caritative 2026 &#8211; 28 mars 2026 !<\/strong><\/p>\n\n\n\n<p>Nous sommes ravis de vous annoncer que notre prochaine grande soir\u00e9e caritative aura lieu le <strong><span class=\"has-inline-color has-black-color\"><span style=\"text-decoration: underline;\">28 mars 2026<\/span>.<\/span><\/strong> Pr\u00e9parez-vous pour une nuit inoubliable remplie de divertissements, de rencontres et de moments m\u00e9morables, tout en soutenant une noble cause !<\/p>\n\n\n\n<p>Pour toutes les informations et pour vous inscrire, envoyez un mail \u00e0 soiree@vpt.be ou prenez votre ticket directement sur <a href=\"https:\/\/passpass.be\/fr\/events\/638\/soiree-caritative-28-mars-2026\">https:\/\/passpass.be\/fr\/events\/638\/soiree-caritative-28-mars-2026<\/a> <\/p>\n\n\n\n<p><span style=\"text-decoration: underline;\">Pourquoi participer ?<\/span><\/p>\n\n\n\n<p><strong>Rencontrez nos b\u00e9n\u00e9voles d\u00e9vou\u00e9s<\/strong> : D\u00e9couvrez l\u2019engagement et la passion de ceux qui \u0153uvrent au sein de notre ASBL pour faire une diff\u00e9rence.<\/p>\n\n\n\n<p><strong>Divertissement garanti :<\/strong> Profitez d\u2019une soir\u00e9e anim\u00e9e avec des activit\u00e9s vari\u00e9es et des surprises.<\/p>\n\n\n\n<p><strong>Soutenez une bonne cause :<\/strong> Votre participation contribuera \u00e0 des initiatives caritatives importantes. 100% des fonds r\u00e9colt\u00e9s seront d\u00e9di\u00e9s aux activit\u00e9s pr\u00e9vues pour les enfants.<\/p>\n\n\n\n<p>Ne manquez pas cette occasion exceptionnelle ! Inscrivez-vous d\u00e8s maintenant et faites passer le mot \u00e0 vos amis et coll\u00e8gues. Ensemble, faisons de cette soir\u00e9e un \u00e9v\u00e9nement inoubliable et solidaire!<\/p>\n\n\n\n<figure class=\"wp-block-image size-large\"><img loading=\"lazy\" decoding=\"async\" width=\"726\" height=\"1024\" src=\"https:\/\/vpt-asbl.be\/wp-content\/uploads\/2026\/01\/Rouge-Simple-Diner-Minimaliste-Invitation-Diner-A6-1-726x1024.png\" alt=\"\" class=\"wp-image-658 img-responsive\" srcset=\"https:\/\/vpt-asbl.be\/wp-content\/uploads\/2026\/01\/Rouge-Simple-Diner-Minimaliste-Invitation-Diner-A6-1-726x1024.png 726w, https:\/\/vpt-asbl.be\/wp-content\/uploads\/2026\/01\/Rouge-Simple-Diner-Minimaliste-Invitation-Diner-A6-1-213x300.png 213w, https:\/\/vpt-asbl.be\/wp-content\/uploads\/2026\/01\/Rouge-Simple-Diner-Minimaliste-Invitation-Diner-A6-1-768x1083.png 768w, https:\/\/vpt-asbl.be\/wp-content\/uploads\/2026\/01\/Rouge-Simple-Diner-Minimaliste-Invitation-Diner-A6-1-1090x1536.png 1090w, https:\/\/vpt-asbl.be\/wp-content\/uploads\/2026\/01\/Rouge-Simple-Diner-Minimaliste-Invitation-Diner-A6-1-750x1057.png 750w, https:\/\/vpt-asbl.be\/wp-content\/uploads\/2026\/01\/Rouge-Simple-Diner-Minimaliste-Invitation-Diner-A6-1.png 1240w\" sizes=\"auto, (max-width: 726px) 100vw, 726px\" \/><\/figure>\n","protected":false},"excerpt":{"rendered":"<p>Grande Soir\u00e9e Caritative 2026 &#8211; 28 mars 2026 ! Nous sommes ravis de vous annoncer que notre prochaine grande soir\u00e9e caritative aura lieu le 28 mars 2026. Pr\u00e9parez-vous pour une nuit inoubliable remplie de divertissements, de rencontres et de moments m\u00e9morables, tout en soutenant une noble cause ! Pour toutes les informations et pour vous [&hellip;]<\/p>\n","protected":false},"author":4,"featured_media":0,"parent":25,"menu_order":0,"comment_status":"closed","ping_status":"closed","template":"","meta":{"_exactmetrics_skip_tracking":false,"_exactmetrics_sitenote_active":false,"_exactmetrics_sitenote_note":"","_exactmetrics_sitenote_category":0,"footnotes":""},"class_list":["post-554","page","type-page","status-publish","hentry"],"_links":{"self":[{"href":"https:\/\/vpt-asbl.be\/index.php\/wp-json\/wp\/v2\/pages\/554","targetHints":{"allow":["GET"]}}],"collection":[{"href":"https:\/\/vpt-asbl.be\/index.php\/wp-json\/wp\/v2\/pages"}],"about":[{"href":"https:\/\/vpt-asbl.be\/index.php\/wp-json\/wp\/v2\/types\/page"}],"author":[{"embeddable":true,"href":"https:\/\/vpt-asbl.be\/index.php\/wp-json\/wp\/v2\/users\/4"}],"replies":[{"embeddable":true,"href":"https:\/\/vpt-asbl.be\/index.php\/wp-json\/wp\/v2\/comments?post=554"}],"version-history":[{"count":4,"href":"https:\/\/vpt-asbl.be\/index.php\/wp-json\/wp\/v2\/pages\/554\/revisions"}],"predecessor-version":[{"id":660,"href":"https:\/\/vpt-asbl.be\/index.php\/wp-json\/wp\/v2\/pages\/554\/revisions\/660"}],"up":[{"embeddable":true,"href":"https:\/\/vpt-asbl.be\/index.php\/wp-json\/wp\/v2\/pages\/25"}],"wp:attachment":[{"href":"https:\/\/vpt-asbl.be\/index.php\/wp-json\/wp\/v2\/media?parent=554"}],"curies":[{"name":"wp","href":"https:\/\/api.w.org\/{rel}","templated":true}]}}