{"id":38,"date":"2018-04-21T17:23:54","date_gmt":"2018-04-21T15:23:54","guid":{"rendered":"http:\/\/vpt-asbl.be\/?page_id=38"},"modified":"2022-11-21T16:34:18","modified_gmt":"2022-11-21T15:34:18","slug":"historique","status":"publish","type":"page","link":"https:\/\/vpt-asbl.be\/index.php\/historique\/","title":{"rendered":"Historique &#038; valeurs"},"content":{"rendered":"<p>L\u2019histoire de Vacances pour Tous commence en 1983, lorsque trois pionniers eurent l\u2019id\u00e9e un peu folle de partir en vacances avec des enfants n\u2019en ayant pas les moyens. La flamme allum\u00e9e \u00e0 l\u2019\u00e9poque br\u00fble toujours, faisant vivre chaque ann\u00e9e des aventures inoubliables \u00e0 des dizaines de jeunes.<\/p>\n<p>Depuis, cette extraordinaire initiative Vacances Pour Tous est devenue une ASBL qui, petit \u00e0 petit, s\u2019est agrandie pour devenir un mouvement in\u00e9puisable de plus de 50 b\u00e9n\u00e9voles, r\u00e9partis en cinq staffs, et offrant des vacances \u00e0 plus de 80 enfants chaque ann\u00e9e.<\/p>\n<p>Le fonctionnement s\u2019est adapt\u00e9 aux normes du temps, mais l\u2019objectif reste toujours le m\u00eame : offrir des vacances \u00e0 des enfants venant de quartiers populaires ou plac\u00e9s en institution, sans distinctions de sexe, de couleur de peau, de langue ou de religion. Le nombre d\u2019anim\u00e9s est maintenu \u00e0 un chef pour deux enfants de mani\u00e8re \u00e0 ce que tout le monde dispose de l\u2019attention dont il a besoin.<\/p>\n<p>Les valeurs qui nous animent sont transmises de g\u00e9n\u00e9ration en g\u00e9n\u00e9ration, chaque staff ayant pu b\u00e9n\u00e9ficier de l\u2019exp\u00e9rience et des conseils judicieux des anciens. C\u2019est pour cette raison que sont ancr\u00e9s dans notre ADN le respect, l\u2019\u00e9coute et l\u2019enthousiasme.<\/p>\n<p>Depuis plus de 35 ans et pour longtemps nous l\u2019esp\u00e9rons, notre devise est et restera\u00a0: \u00ab Des vacances pour tous les enfants \u00bb\u00a0!<\/p>\n<p><img loading=\"lazy\" decoding=\"async\" class=\" wp-image-91 aligncenter img-responsive\" src=\"http:\/\/vpt-asbl.be\/wp-content\/uploads\/2019\/06\/Fonds-300x225.jpg\" alt=\"\" width=\"607\" height=\"455\" srcset=\"https:\/\/vpt-asbl.be\/wp-content\/uploads\/2019\/06\/Fonds-300x225.jpg 300w, https:\/\/vpt-asbl.be\/wp-content\/uploads\/2019\/06\/Fonds-768x576.jpg 768w, https:\/\/vpt-asbl.be\/wp-content\/uploads\/2019\/06\/Fonds-750x563.jpg 750w, https:\/\/vpt-asbl.be\/wp-content\/uploads\/2019\/06\/Fonds.jpg 960w\" sizes=\"auto, (max-width: 607px) 100vw, 607px\" \/><\/p>\n","protected":false},"excerpt":{"rendered":"<p>L\u2019histoire de Vacances pour Tous commence en 1983, lorsque trois pionniers eurent l\u2019id\u00e9e un peu folle de partir en vacances avec des enfants n\u2019en ayant pas les moyens. La flamme allum\u00e9e \u00e0 l\u2019\u00e9poque br\u00fble toujours, faisant vivre chaque ann\u00e9e des aventures inoubliables \u00e0 des dizaines de jeunes. Depuis, cette extraordinaire initiative Vacances Pour Tous est [&hellip;]<\/p>\n","protected":false},"author":3,"featured_media":0,"parent":0,"menu_order":3,"comment_status":"closed","ping_status":"closed","template":"","meta":{"_exactmetrics_skip_tracking":false,"_exactmetrics_sitenote_active":false,"_exactmetrics_sitenote_note":"","_exactmetrics_sitenote_category":0,"footnotes":""},"class_list":["post-38","page","type-page","status-publish","hentry"],"_links":{"self":[{"href":"https:\/\/vpt-asbl.be\/index.php\/wp-json\/wp\/v2\/pages\/38","targetHints":{"allow":["GET"]}}],"collection":[{"href":"https:\/\/vpt-asbl.be\/index.php\/wp-json\/wp\/v2\/pages"}],"about":[{"href":"https:\/\/vpt-asbl.be\/index.php\/wp-json\/wp\/v2\/types\/page"}],"author":[{"embeddable":true,"href":"https:\/\/vpt-asbl.be\/index.php\/wp-json\/wp\/v2\/users\/3"}],"replies":[{"embeddable":true,"href":"https:\/\/vpt-asbl.be\/index.php\/wp-json\/wp\/v2\/comments?post=38"}],"version-history":[{"count":8,"href":"https:\/\/vpt-asbl.be\/index.php\/wp-json\/wp\/v2\/pages\/38\/revisions"}],"predecessor-version":[{"id":517,"href":"https:\/\/vpt-asbl.be\/index.php\/wp-json\/wp\/v2\/pages\/38\/revisions\/517"}],"wp:attachment":[{"href":"https:\/\/vpt-asbl.be\/index.php\/wp-json\/wp\/v2\/media?parent=38"}],"curies":[{"name":"wp","href":"https:\/\/api.w.org\/{rel}","templated":true}]}}