{"id":324,"date":"2020-04-26T12:03:37","date_gmt":"2020-04-26T10:03:37","guid":{"rendered":"http:\/\/vpt-asbl.be\/?page_id=324"},"modified":"2025-12-19T21:33:06","modified_gmt":"2025-12-19T20:33:06","slug":"formulaire-inscriptions","status":"publish","type":"page","link":"https:\/\/vpt-asbl.be\/index.php\/formulaire-inscriptions\/","title":{"rendered":"Inscription"},"content":{"rendered":"\n<p>Bienvenu chez Vacances Pour Tous! <br>Voici les \u00e9tapes \u00e0 suivre pour inscrire votre enfant aux activit\u00e9s de Vacances Pour Tous. <br>En cas de probl\u00e8me, envoyez un mail \u00e0 enfants@vpt.be.<\/p>\n\n\n\n<figure class=\"wp-block-gallery columns-1 is-cropped wp-block-gallery-1 is-layout-flex wp-block-gallery-is-layout-flex\"><ul class=\"blocks-gallery-grid\"><li class=\"blocks-gallery-item\"><figure><img loading=\"lazy\" decoding=\"async\" width=\"1024\" height=\"576\" src=\"http:\/\/vpt-asbl.be\/wp-content\/uploads\/2020\/08\/Etape-1.-1-1024x576.png\" alt=\"\" data-id=\"342\" data-full-url=\"http:\/\/vpt-asbl.be\/wp-content\/uploads\/2020\/08\/Etape-1.-1.png\" data-link=\"http:\/\/vpt-asbl.be\/index.php\/formulaire-inscriptions\/etape-1-1\/\" class=\"wp-image-342 img-responsive\" srcset=\"https:\/\/vpt-asbl.be\/wp-content\/uploads\/2020\/08\/Etape-1.-1-1024x576.png 1024w, https:\/\/vpt-asbl.be\/wp-content\/uploads\/2020\/08\/Etape-1.-1-300x169.png 300w, https:\/\/vpt-asbl.be\/wp-content\/uploads\/2020\/08\/Etape-1.-1-768x432.png 768w, https:\/\/vpt-asbl.be\/wp-content\/uploads\/2020\/08\/Etape-1.-1-1536x864.png 1536w, https:\/\/vpt-asbl.be\/wp-content\/uploads\/2020\/08\/Etape-1.-1-750x422.png 750w, https:\/\/vpt-asbl.be\/wp-content\/uploads\/2020\/08\/Etape-1.-1.png 1920w\" sizes=\"auto, (max-width: 1024px) 100vw, 1024px\" \/><\/figure><\/li><\/ul><figcaption class=\"blocks-gallery-caption\">* Si l&rsquo;enfant a \u00e9t\u00e9 inscrit au cours de l&rsquo;ann\u00e9e pr\u00e9c\u00e9dente, il ne doit pas se r\u00e9inscrire au listing rouge, si vous avez un doute sur l&rsquo;inscription de l&rsquo;enfant, vous pouvez contacter enfants@vpt.be<\/figcaption><\/figure>\n\n\n\n<div class=\"wp-block-columns is-layout-flex wp-container-core-columns-is-layout-9d6595d7 wp-block-columns-is-layout-flex\">\n<div class=\"wp-block-column is-layout-flow wp-block-column-is-layout-flow\">\n<div class=\"wp-block-columns is-layout-flex wp-container-core-columns-is-layout-9d6595d7 wp-block-columns-is-layout-flex\">\n<div class=\"wp-block-column is-layout-flow wp-block-column-is-layout-flow\">\n<div class=\"wp-block-button aligncenter is-style-fill\"><a class=\"wp-block-button__link has-background\" href=\"https:\/\/forms.gle\/uyGbpzdGthMd1qmDA\" style=\"background-color:#ff5757\">Inscrire au listing g\u00e9n\u00e9ral<\/a><\/div>\n<\/div>\n\n\n\n<div class=\"wp-block-column is-layout-flow wp-block-column-is-layout-flow\"><\/div>\n<\/div>\n<\/div>\n\n\n\n<div class=\"wp-block-column is-layout-flow wp-block-column-is-layout-flow\">\n<div class=\"wp-block-columns is-layout-flex wp-container-core-columns-is-layout-9d6595d7 wp-block-columns-is-layout-flex\">\n<div class=\"wp-block-column is-layout-flow wp-block-column-is-layout-flow\"><\/div>\n\n\n\n<div class=\"wp-block-column is-layout-flow wp-block-column-is-layout-flow\">\n<div class=\"wp-block-button is-style-fill\"><a class=\"wp-block-button__link has-background\" href=\"http:\/\/vpt-asbl.be\/index.php\/418-2\/\" style=\"background-color:#004aad\">Inscrire<br>\u00e0 <br>une activit\u00e9<\/a><\/div>\n<\/div>\n<\/div>\n<\/div>\n<\/div>\n\n\n\n<p><\/p>\n\n\n\n<h2 class=\"wp-block-heading\">Information sur le prix des activit\u00e9s<\/h2>\n\n\n\n<p>Vous souhaitez\ninscrire des enfants pour des vacances inoubliables&nbsp;?<\/p>\n\n\n\n<p>Nos b\u00e9n\u00e9voles sont\nimpatients de transformer, une fois de plus, le r\u00eave de vos jeunes en r\u00e9alit\u00e9&nbsp;!<\/p>\n\n\n\n<p>Nos staffs font preuve de toujours plus d\u2019ing\u00e9niosit\u00e9 pour r\u00e9pondre au mieux aux besoins des enfants. Vu la forte demande pour les camps d\u2019\u00e9t\u00e9, nous donnons priorit\u00e9 aux enfants ayant particip\u00e9 aux activit\u00e9s durant l\u2019ann\u00e9e.<\/p>\n\n\n\n<p><strong>Tarifs<\/strong><\/p>\n\n\n\n<figure class=\"wp-block-table is-style-stripes\"><table><tbody><tr><td><\/td><td><\/td><td>3 journ\u00e9es et 2 nuits<\/td><td>Grands Camps<\/td><\/tr><tr><td><strong>Institution<\/strong><\/td><td>&nbsp;<\/td><td>&nbsp;<\/td><td>&nbsp;<\/td><\/tr><tr><td>Petits (5-8 ans)<\/td><td><\/td><td>40 \u20ac<\/td><td>95 \u20ac<\/td><\/tr><tr><td>Moyens (9-12 ans)<\/td><td><\/td><td>40 \u20ac<\/td><td>125 \u20ac<\/td><\/tr><tr><td>Grands (13-16 ans)<\/td><td><\/td><td>40 \u20ac<\/td><td>195 \u20ac<\/td><\/tr><tr><td>&nbsp;<\/td><td>&nbsp;<\/td><td>&nbsp;<\/td><td><\/td><\/tr><tr><td><strong>Famille<\/strong><\/td><td>&nbsp;<\/td><td>&nbsp;<\/td><td>&nbsp;<\/td><\/tr><tr><td>Petits<\/td><td><\/td><td>18 \u20ac<\/td><td>35 \u20ac<\/td><\/tr><tr><td>Moyens<\/td><td><\/td><td>18 \u20ac<\/td><td>45 \u20ac<\/td><\/tr><tr><td>Grands<\/td><td><\/td><td>18 \u20ac<\/td><td>90 \u20ac<\/td><\/tr><\/tbody><\/table><\/figure>\n\n\n\n<p><\/p>\n\n\n\n<p>Nous organisons pour les <strong>5-8 ans\u00a0<\/strong>: \u00a0\u00a0\u00a0\u00a0\u00a0\u00a0\u00a0\u00a0\u00a0\u00a0\u00a0\u00a0\u00a0\u00a0\u00a0\u00a0\u00a0\u00a0\u00a0\u00a0\u00a0\u00a0\u00a0\u00a0\u00a0\u00a0\u00a0\u00a0\u00a0\u00a0\u00a0\u00a0\u00a0\u00a0\u00a0\u00a0\u00a0\u00a0\u00a0\u00a0\u00a0\u00a0\u00a0\u00a0\u00a0\u00a0\u00a0\u00a0\u00a0\u00a0\u00a0\u00a0\u00a0\u00a0\u00a0\u00a0\u00a0\u00a0\u00a0\u00a0\u00a0\u00a0\u00a0\u00a0\u00a0\u00a0\u00a0 <\/p>\n\n\n\n<div class=\"wp-block-image\"><figure class=\"alignright is-resized\"><img loading=\"lazy\" decoding=\"async\" src=\"http:\/\/vpt-asbl.be\/wp-content\/uploads\/2019\/06\/feu-1.jpg\" alt=\"\" class=\"wp-image-184 img-responsive\" width=\"195\" height=\"283\" srcset=\"https:\/\/vpt-asbl.be\/wp-content\/uploads\/2019\/06\/feu-1.jpg 537w, https:\/\/vpt-asbl.be\/wp-content\/uploads\/2019\/06\/feu-1-206x300.jpg 206w\" sizes=\"auto, (max-width: 195px) 100vw, 195px\" \/><\/figure><\/div>\n\n\n\n<ul class=\"wp-block-list\"><li>2 weekends\net 2 activit\u00e9s durant l\u2019ann\u00e9e scolaire<\/li><li>1 camp de\n7 jours en \u00e9t\u00e9<\/li><\/ul>\n\n\n\n<p>Nous organisons pour\nles <strong>9-12 ans&nbsp;<\/strong>: <\/p>\n\n\n\n<ul class=\"wp-block-list\"><li>2 weekends\net 2 activit\u00e9s durant l\u2019ann\u00e9e scolaire<\/li><li>1 camp de\n10 jours en \u00e9t\u00e9<\/li><\/ul>\n\n\n\n<p>Nous organisons pour\nles <strong>13-17 ans&nbsp;:<\/strong><\/p>\n\n\n\n<ul class=\"wp-block-list\"><li>2 weekends\ndurant l\u2019ann\u00e9e scolaire<\/li><li>1 camp de\n15 jours en \u00e9t\u00e9<\/li><\/ul>\n","protected":false},"excerpt":{"rendered":"<p>Bienvenu chez Vacances Pour Tous! Voici les \u00e9tapes \u00e0 suivre pour inscrire votre enfant aux activit\u00e9s de Vacances Pour Tous. En cas de probl\u00e8me, envoyez un mail \u00e0 enfants@vpt.be. Information sur le prix des activit\u00e9s Vous souhaitez inscrire des enfants pour des vacances inoubliables&nbsp;? Nos b\u00e9n\u00e9voles sont impatients de transformer, une fois de plus, le [&hellip;]<\/p>\n","protected":false},"author":4,"featured_media":0,"parent":0,"menu_order":0,"comment_status":"closed","ping_status":"closed","template":"","meta":{"_exactmetrics_skip_tracking":false,"_exactmetrics_sitenote_active":false,"_exactmetrics_sitenote_note":"","_exactmetrics_sitenote_category":0,"footnotes":""},"class_list":["post-324","page","type-page","status-publish","hentry"],"_links":{"self":[{"href":"https:\/\/vpt-asbl.be\/index.php\/wp-json\/wp\/v2\/pages\/324","targetHints":{"allow":["GET"]}}],"collection":[{"href":"https:\/\/vpt-asbl.be\/index.php\/wp-json\/wp\/v2\/pages"}],"about":[{"href":"https:\/\/vpt-asbl.be\/index.php\/wp-json\/wp\/v2\/types\/page"}],"author":[{"embeddable":true,"href":"https:\/\/vpt-asbl.be\/index.php\/wp-json\/wp\/v2\/users\/4"}],"replies":[{"embeddable":true,"href":"https:\/\/vpt-asbl.be\/index.php\/wp-json\/wp\/v2\/comments?post=324"}],"version-history":[{"count":24,"href":"https:\/\/vpt-asbl.be\/index.php\/wp-json\/wp\/v2\/pages\/324\/revisions"}],"predecessor-version":[{"id":647,"href":"https:\/\/vpt-asbl.be\/index.php\/wp-json\/wp\/v2\/pages\/324\/revisions\/647"}],"wp:attachment":[{"href":"https:\/\/vpt-asbl.be\/index.php\/wp-json\/wp\/v2\/media?parent=324"}],"curies":[{"name":"wp","href":"https:\/\/api.w.org\/{rel}","templated":true}]}}