{"id":104,"date":"2019-06-20T14:13:41","date_gmt":"2019-06-20T12:13:41","guid":{"rendered":"http:\/\/vpt-asbl.be\/?page_id=104"},"modified":"2025-12-24T10:36:50","modified_gmt":"2025-12-24T09:36:50","slug":"qui-sont-nos-animateurs","status":"publish","type":"page","link":"https:\/\/vpt-asbl.be\/index.php\/qui-sont-nos-animateurs\/","title":{"rendered":"Les membres de l&rsquo;ASBL"},"content":{"rendered":"\n<h2 class=\"wp-block-heading\">Le CA (conseil d&rsquo;administration)<\/h2>\n\n\n\n<p>L&rsquo;ASBL ne pourrait \u00eatre p\u00e9renne sans les responsables administratifs en arri\u00e8re plan ! Nous avons un tr\u00e9sorier, une responsable inscription, un responsable sponsoring et un pr\u00e9sident. Nous sommes \u00e9galement tous b\u00e9n\u00e9voles et nous sommes disponibles pour toutes vos questions !<\/p>\n\n\n\n<p>Benoit, Pr\u00e9sident : presidence@vpt.be<br>Elisabeth, Responsable Enfants &amp; Secr\u00e9taire : enfants@vpt.be<br>G\u00e9rald, Tr\u00e9sorier &amp; Responsable Mat\u00e9riel: tresorerie@vpt.be<br>Victor, Responsable Fundraising &amp; R\u00e9seaux : projets@vpt.be<\/p>\n\n\n<div class=\"wp-block-image\">\n<figure class=\"aligncenter size-large\"><img loading=\"lazy\" decoding=\"async\" width=\"1024\" height=\"705\" src=\"https:\/\/vpt-asbl.be\/wp-content\/uploads\/2025\/12\/4818AAC4-69AA-4BF5-A883-6AFD9FF25235_1_201_a-1024x705.jpeg\" alt=\"\" class=\"wp-image-636 img-responsive\" srcset=\"https:\/\/vpt-asbl.be\/wp-content\/uploads\/2025\/12\/4818AAC4-69AA-4BF5-A883-6AFD9FF25235_1_201_a-1024x705.jpeg 1024w, https:\/\/vpt-asbl.be\/wp-content\/uploads\/2025\/12\/4818AAC4-69AA-4BF5-A883-6AFD9FF25235_1_201_a-300x207.jpeg 300w, https:\/\/vpt-asbl.be\/wp-content\/uploads\/2025\/12\/4818AAC4-69AA-4BF5-A883-6AFD9FF25235_1_201_a-768x529.jpeg 768w, https:\/\/vpt-asbl.be\/wp-content\/uploads\/2025\/12\/4818AAC4-69AA-4BF5-A883-6AFD9FF25235_1_201_a-1536x1058.jpeg 1536w, https:\/\/vpt-asbl.be\/wp-content\/uploads\/2025\/12\/4818AAC4-69AA-4BF5-A883-6AFD9FF25235_1_201_a-2048x1410.jpeg 2048w, https:\/\/vpt-asbl.be\/wp-content\/uploads\/2025\/12\/4818AAC4-69AA-4BF5-A883-6AFD9FF25235_1_201_a-750x517.jpeg 750w\" sizes=\"auto, (max-width: 1024px) 100vw, 1024px\" \/><\/figure>\n<\/div>\n\n\n<h2 class=\"wp-block-heading\">A propos des animateurs<\/h2>\n\n\n\n<p>La premi\u00e8re chose \u00e0 savoir sur nos animateurs est qu&rsquo;ils sont b\u00e9n\u00e9voles. Ils ont donc choisi Vacances Pour Tous par plaisir et par conviction. Le recrutement se fait \u00ab\u00a0via via\u00a0\u00bb, ce qui implique que la plupart sont avant tout une belle bande d&rsquo;amis.<\/p>\n\n\n\n<p>La majorit\u00e9 des animateurs sont de jeunes \u00e9tudiants en m\u00e9decine, assistant social, ing\u00e9nieur, juriste, kin\u00e9, etc. Ils ont entre 18 et 25 ans et ont souvent \u00e9t\u00e9 chefs dans des unit\u00e9s scoutes auparavant. <\/p>\n\n\n\n<p>Afin d&rsquo;offrir le meilleur encadrement, chaque animateur :<\/p>\n\n\n\n<ul class=\"wp-block-list\">\n<li>Est tenu de pr\u00e9senter un certificat de bonne vie et m\u0153urs lorsqu&rsquo;il int\u00e8gre l&rsquo;ASBL.<\/li>\n\n\n\n<li>Participe \u00e0  une formation annuelle, organis\u00e9e par l&rsquo;ASBL, o\u00f9 il rencontre les \u00e9ducateurs des institutions et les membres des autres staffs afin d&rsquo;\u00e9changer leurs exp\u00e9riences et m\u00e9thodes p\u00e9dagogiques.<\/li>\n<\/ul>\n\n\n\n<figure class=\"wp-block-image size-large\"><img loading=\"lazy\" decoding=\"async\" width=\"1024\" height=\"768\" src=\"https:\/\/vpt-asbl.be\/wp-content\/uploads\/2020\/02\/legumes_blurred-1024x768.jpg\" alt=\"\" class=\"wp-image-296 img-responsive\" srcset=\"https:\/\/vpt-asbl.be\/wp-content\/uploads\/2020\/02\/legumes_blurred-1024x768.jpg 1024w, https:\/\/vpt-asbl.be\/wp-content\/uploads\/2020\/02\/legumes_blurred-300x225.jpg 300w, https:\/\/vpt-asbl.be\/wp-content\/uploads\/2020\/02\/legumes_blurred-768x576.jpg 768w, https:\/\/vpt-asbl.be\/wp-content\/uploads\/2020\/02\/legumes_blurred-1536x1152.jpg 1536w, https:\/\/vpt-asbl.be\/wp-content\/uploads\/2020\/02\/legumes_blurred-2048x1536.jpg 2048w, https:\/\/vpt-asbl.be\/wp-content\/uploads\/2020\/02\/legumes_blurred-750x563.jpg 750w\" sizes=\"auto, (max-width: 1024px) 100vw, 1024px\" \/><\/figure>\n\n\n\n<p><\/p>\n\n\n\n<figure class=\"wp-block-image size-large\"><img loading=\"lazy\" decoding=\"async\" width=\"561\" height=\"473\" src=\"https:\/\/vpt-asbl.be\/wp-content\/uploads\/2020\/02\/87273814_732829337248028_2831275602965692416_n.png\" alt=\"\" class=\"wp-image-294 img-responsive\" srcset=\"https:\/\/vpt-asbl.be\/wp-content\/uploads\/2020\/02\/87273814_732829337248028_2831275602965692416_n.png 561w, https:\/\/vpt-asbl.be\/wp-content\/uploads\/2020\/02\/87273814_732829337248028_2831275602965692416_n-300x253.png 300w\" sizes=\"auto, (max-width: 561px) 100vw, 561px\" \/><\/figure>\n\n\n\n<p>Vacances Pour Tous est compos\u00e9 de 5 staffs d&rsquo;animateurs et chaque staff a sa propre ambiance ! <\/p>\n\n\n\n<p><\/p>\n\n\n\n<h3 class=\"wp-block-heading\">Les Polochons<\/h3>\n\n\n\n<figure class=\"wp-block-image size-large is-resized\"><img loading=\"lazy\" decoding=\"async\" width=\"1024\" height=\"732\" src=\"https:\/\/vpt-asbl.be\/wp-content\/uploads\/2025\/12\/LOGO-VPT-POLOCHONS-2025_BLEU-1024x732.png\" alt=\"\" class=\"wp-image-637 img-responsive\" style=\"width:512px;height:366px\" srcset=\"https:\/\/vpt-asbl.be\/wp-content\/uploads\/2025\/12\/LOGO-VPT-POLOCHONS-2025_BLEU-1024x732.png 1024w, https:\/\/vpt-asbl.be\/wp-content\/uploads\/2025\/12\/LOGO-VPT-POLOCHONS-2025_BLEU-300x214.png 300w, https:\/\/vpt-asbl.be\/wp-content\/uploads\/2025\/12\/LOGO-VPT-POLOCHONS-2025_BLEU-768x549.png 768w, https:\/\/vpt-asbl.be\/wp-content\/uploads\/2025\/12\/LOGO-VPT-POLOCHONS-2025_BLEU-1536x1098.png 1536w, https:\/\/vpt-asbl.be\/wp-content\/uploads\/2025\/12\/LOGO-VPT-POLOCHONS-2025_BLEU-750x536.png 750w, https:\/\/vpt-asbl.be\/wp-content\/uploads\/2025\/12\/LOGO-VPT-POLOCHONS-2025_BLEU.png 1654w\" sizes=\"auto, (max-width: 1024px) 100vw, 1024px\" \/><\/figure>\n\n\n\n<p>Chez les polochons c&rsquo;est vraiment top! Nous sommes presque tous dans des \u00e9tudes sociales, et avons un r\u00e9el projet pour chaque weekend et camp : s&rsquo;amuser! Pour \u00e7a, nous nous cassons la t\u00eate pour trouver des jeux et des th\u00e8mes funs et mettre des paillettes dans notre animation. Viens voir chez nous, tu ne seras pas d\u00e9\u00e7u, l&rsquo;essayer c&rsquo;est l&rsquo;adopter.<\/p>\n\n\n\n<p><strong>Contact: <\/strong>polochons@vpt.be<\/p>\n\n\n\n<h3 class=\"wp-block-heading\">Les Ouistitis<\/h3>\n\n\n\n<figure class=\"wp-block-image size-large is-resized\"><img loading=\"lazy\" decoding=\"async\" width=\"1024\" height=\"575\" src=\"https:\/\/vpt-asbl.be\/wp-content\/uploads\/2025\/12\/604673591_4262058777372473_5004308189498561706_n-1-1024x575.jpg\" alt=\"\" class=\"wp-image-655 img-responsive\" style=\"aspect-ratio:1.7808990625103522;width:583px;height:auto\" srcset=\"https:\/\/vpt-asbl.be\/wp-content\/uploads\/2025\/12\/604673591_4262058777372473_5004308189498561706_n-1-1024x575.jpg 1024w, https:\/\/vpt-asbl.be\/wp-content\/uploads\/2025\/12\/604673591_4262058777372473_5004308189498561706_n-1-300x169.jpg 300w, https:\/\/vpt-asbl.be\/wp-content\/uploads\/2025\/12\/604673591_4262058777372473_5004308189498561706_n-1-768x432.jpg 768w, https:\/\/vpt-asbl.be\/wp-content\/uploads\/2025\/12\/604673591_4262058777372473_5004308189498561706_n-1-1536x863.jpg 1536w, https:\/\/vpt-asbl.be\/wp-content\/uploads\/2025\/12\/604673591_4262058777372473_5004308189498561706_n-1-750x421.jpg 750w, https:\/\/vpt-asbl.be\/wp-content\/uploads\/2025\/12\/604673591_4262058777372473_5004308189498561706_n-1.jpg 1600w\" sizes=\"auto, (max-width: 1024px) 100vw, 1024px\" \/><\/figure>\n\n\n\n<p>Vous avez ou connaissez des enfants \u00e2g\u00e9s entre 5 et 8 ans qui croquent la vie \u00e0 pleines dents et qui ont de l\u2019\u00e9nergie \u00e0 revendre&nbsp;? Nous, le staff Ouistitis, organisons des week-ends ainsi qu\u2019un camp en \u00e9t\u00e9 pour qu\u2019ils puissent vivre des moments intenses \u00e0 la d\u00e9couverte de la nature qui les entoure, d\u2019\u00e9veiller leur curiosit\u00e9 face \u00e0 la d\u00e9couverte de la vie, de cr\u00e9er des liens solides entre eux et tout cela dans une ambiance de folieee&nbsp;! Nous sommes compos\u00e9s de 7 chefs qui donnent tout ce qu\u2019ils peuvent pour que ces moments v\u00e9cus restent grav\u00e9s dans leur m\u00e9moire. <\/p>\n\n\n\n<p><strong>Contact: <\/strong>ouistitis@vpt.be <\/p>\n\n\n\n<h3 class=\"wp-block-heading\">Les Crocos<\/h3>\n\n\n\n<figure class=\"wp-block-image size-large is-resized\"><img loading=\"lazy\" decoding=\"async\" width=\"1024\" height=\"732\" src=\"https:\/\/vpt-asbl.be\/wp-content\/uploads\/2025\/12\/LOGO-VPT-CROCOS-2025_BLEU-1024x732.png\" alt=\"\" class=\"wp-image-639 img-responsive\" style=\"width:512px;height:366px\" srcset=\"https:\/\/vpt-asbl.be\/wp-content\/uploads\/2025\/12\/LOGO-VPT-CROCOS-2025_BLEU-1024x732.png 1024w, https:\/\/vpt-asbl.be\/wp-content\/uploads\/2025\/12\/LOGO-VPT-CROCOS-2025_BLEU-300x214.png 300w, https:\/\/vpt-asbl.be\/wp-content\/uploads\/2025\/12\/LOGO-VPT-CROCOS-2025_BLEU-768x549.png 768w, https:\/\/vpt-asbl.be\/wp-content\/uploads\/2025\/12\/LOGO-VPT-CROCOS-2025_BLEU-1536x1098.png 1536w, https:\/\/vpt-asbl.be\/wp-content\/uploads\/2025\/12\/LOGO-VPT-CROCOS-2025_BLEU-750x536.png 750w, https:\/\/vpt-asbl.be\/wp-content\/uploads\/2025\/12\/LOGO-VPT-CROCOS-2025_BLEU.png 1654w\" sizes=\"auto, (max-width: 1024px) 100vw, 1024px\" \/><\/figure>\n\n\n\n<p>Mais que fait-on exactement avec vous ? On vit des chouettes moments et on s\u2019amuse comme des petits fous. Durant l\u2019ann\u00e9e tu auras l\u2019occasion de vivre deux weekends de feu et un grand camp inoubliable. Chez les crocoz tu vas rencontrer beaucoup de potos et des animateurs tous plus gentils les uns que les autres. Tu vas d\u00e9couvrir et apprendre pleins de choses en jouant. Le staff n\u2019attend plus que toi. Es- tu pr\u00eat \u00e0 venir relever ce d\u00e9fi ?<\/p>\n\n\n\n<p><strong>Contact: <\/strong>pumbas@vpt.be<\/p>\n\n\n\n<h2 class=\"wp-block-heading\">Les Pumbas<\/h2>\n\n\n\n<figure class=\"wp-block-image size-large is-resized\"><img loading=\"lazy\" decoding=\"async\" width=\"1024\" height=\"732\" src=\"https:\/\/vpt-asbl.be\/wp-content\/uploads\/2025\/12\/LOGO-VPT-PUMBAS-2025_BLEU-1024x732.png\" alt=\"\" class=\"wp-image-640 img-responsive\" style=\"width:512px;height:366px\" srcset=\"https:\/\/vpt-asbl.be\/wp-content\/uploads\/2025\/12\/LOGO-VPT-PUMBAS-2025_BLEU-1024x732.png 1024w, https:\/\/vpt-asbl.be\/wp-content\/uploads\/2025\/12\/LOGO-VPT-PUMBAS-2025_BLEU-300x214.png 300w, https:\/\/vpt-asbl.be\/wp-content\/uploads\/2025\/12\/LOGO-VPT-PUMBAS-2025_BLEU-768x549.png 768w, https:\/\/vpt-asbl.be\/wp-content\/uploads\/2025\/12\/LOGO-VPT-PUMBAS-2025_BLEU-1536x1098.png 1536w, https:\/\/vpt-asbl.be\/wp-content\/uploads\/2025\/12\/LOGO-VPT-PUMBAS-2025_BLEU-750x536.png 750w, https:\/\/vpt-asbl.be\/wp-content\/uploads\/2025\/12\/LOGO-VPT-PUMBAS-2025_BLEU.png 1654w\" sizes=\"auto, (max-width: 1024px) 100vw, 1024px\" \/><\/figure>\n\n\n\n<p>Pumba\u2026 Mais dis-moi c\u2019est quoi ce dr\u00f4le de nom ? Et bien figure toi que ce sera peut-\u00eatre le nom de ton futur staff ! Nous formons en effet un groupe de 6 chefs r\u00e9unis autour de la coh\u00e9sion, de la diversit\u00e9 mais surtout de l\u2019amusement. Nous avons tous une exp\u00e9rience diff\u00e9rente, ce qui nous rend tr\u00e8s compl\u00e9mentaires, unis autour de cette passion pour l\u2019humour qui nous rassemble.<\/p>\n\n\n\n<p>Nous passons du temps ensemble pour d\u00e9velopper cet esprit qui permet de faire voyager nos petits pumbas. Nous sommes toujours l\u00e0 pour mettre de la bonne humeur que ce soit dans les jeux ou les moments plus calmes de la journ\u00e9e, nous voulons vraiment mettre l\u2019accent sur l\u2019entraide, la d\u00e9couverte et le sourire. <\/p>\n\n\n\n<p>Bref nous voulons transmettre cet esprit \u00e0 nos pumbas, qu\u2019ils apprennent  en s\u2019amusant, toujours dans le respect des autres. Point sur lequel nous mettons beaucoup d\u2019importance. Alors si tu as entre 8 et 12 ans et que tu as envie de vivre cette magnifique aventure VPT avec notre staff g\u00e9nial, n\u2019h\u00e9site pas, rejoins les Pumbas !<\/p>\n\n\n\n<p><strong>Contact:<\/strong> pumbas@vpt.be <\/p>\n\n\n\n<h3 class=\"wp-block-heading\">Les Ados<\/h3>\n\n\n\n<figure class=\"wp-block-image size-large is-resized\"><img loading=\"lazy\" decoding=\"async\" width=\"1024\" height=\"732\" src=\"https:\/\/vpt-asbl.be\/wp-content\/uploads\/2025\/12\/LOGO-VPT-ADOS-2025_BLEU-1024x732.png\" alt=\"\" class=\"wp-image-641 img-responsive\" style=\"width:512px;height:366px\" srcset=\"https:\/\/vpt-asbl.be\/wp-content\/uploads\/2025\/12\/LOGO-VPT-ADOS-2025_BLEU-1024x732.png 1024w, https:\/\/vpt-asbl.be\/wp-content\/uploads\/2025\/12\/LOGO-VPT-ADOS-2025_BLEU-300x214.png 300w, https:\/\/vpt-asbl.be\/wp-content\/uploads\/2025\/12\/LOGO-VPT-ADOS-2025_BLEU-768x549.png 768w, https:\/\/vpt-asbl.be\/wp-content\/uploads\/2025\/12\/LOGO-VPT-ADOS-2025_BLEU-1536x1098.png 1536w, https:\/\/vpt-asbl.be\/wp-content\/uploads\/2025\/12\/LOGO-VPT-ADOS-2025_BLEU-750x536.png 750w, https:\/\/vpt-asbl.be\/wp-content\/uploads\/2025\/12\/LOGO-VPT-ADOS-2025_BLEU.png 1654w\" sizes=\"auto, (max-width: 1024px) 100vw, 1024px\" \/><\/figure>\n\n\n\n<p>Dynamisme, entrain et amiti\u00e9 : fra\u00eechement remani\u00e9 cette ann\u00e9e, le staff ados n\u2019en a pas pour autant perdu son identit\u00e9 ! Rassembl\u00e9s autour d\u2019un projet ambitieux qui consiste \u00e0 organiser chaque \u00e9t\u00e9 un grand camp de deux semaines \u00e0 l\u2019\u00e9tranger, nous mettons en commun les qualit\u00e9s de chacun afin d\u2019en tirer le meilleur !<\/p>\n\n\n\n<p><\/p>\n\n\n\n<p><strong>Contact:<\/strong> ados@vpt.be <\/p>\n\n\n\n<p><\/p>\n","protected":false},"excerpt":{"rendered":"<p>Le CA (conseil d&rsquo;administration) L&rsquo;ASBL ne pourrait \u00eatre p\u00e9renne sans les responsables administratifs en arri\u00e8re plan ! Nous avons un tr\u00e9sorier, une responsable inscription, un responsable sponsoring et un pr\u00e9sident. Nous sommes \u00e9galement tous b\u00e9n\u00e9voles et nous sommes disponibles pour toutes vos questions ! Benoit, Pr\u00e9sident : presidence@vpt.beElisabeth, Responsable Enfants &amp; Secr\u00e9taire : enfants@vpt.beG\u00e9rald, Tr\u00e9sorier [&hellip;]<\/p>\n","protected":false},"author":4,"featured_media":121,"parent":0,"menu_order":7,"comment_status":"closed","ping_status":"closed","template":"","meta":{"_exactmetrics_skip_tracking":false,"_exactmetrics_sitenote_active":false,"_exactmetrics_sitenote_note":"","_exactmetrics_sitenote_category":0,"footnotes":""},"class_list":["post-104","page","type-page","status-publish","has-post-thumbnail","hentry"],"_links":{"self":[{"href":"https:\/\/vpt-asbl.be\/index.php\/wp-json\/wp\/v2\/pages\/104","targetHints":{"allow":["GET"]}}],"collection":[{"href":"https:\/\/vpt-asbl.be\/index.php\/wp-json\/wp\/v2\/pages"}],"about":[{"href":"https:\/\/vpt-asbl.be\/index.php\/wp-json\/wp\/v2\/types\/page"}],"author":[{"embeddable":true,"href":"https:\/\/vpt-asbl.be\/index.php\/wp-json\/wp\/v2\/users\/4"}],"replies":[{"embeddable":true,"href":"https:\/\/vpt-asbl.be\/index.php\/wp-json\/wp\/v2\/comments?post=104"}],"version-history":[{"count":39,"href":"https:\/\/vpt-asbl.be\/index.php\/wp-json\/wp\/v2\/pages\/104\/revisions"}],"predecessor-version":[{"id":656,"href":"https:\/\/vpt-asbl.be\/index.php\/wp-json\/wp\/v2\/pages\/104\/revisions\/656"}],"wp:featuredmedia":[{"embeddable":true,"href":"https:\/\/vpt-asbl.be\/index.php\/wp-json\/wp\/v2\/media\/121"}],"wp:attachment":[{"href":"https:\/\/vpt-asbl.be\/index.php\/wp-json\/wp\/v2\/media?parent=104"}],"curies":[{"name":"wp","href":"https:\/\/api.w.org\/{rel}","templated":true}]}}